{"id":3524,"date":"2022-08-24T10:17:00","date_gmt":"2022-08-24T09:17:00","guid":{"rendered":"https:\/\/patiodovale.com\/kamers\/"},"modified":"2025-01-20T11:21:29","modified_gmt":"2025-01-20T11:21:29","slug":"kamers","status":"publish","type":"page","link":"https:\/\/patiodovale.com\/nl\/kamers\/","title":{"rendered":"kamers"},"content":{"rendered":"<section class=\"l-section wpb_row height_medium\"><div class=\"l-section-h i-cf\"><div class=\"g-cols vc_row via_flex valign_top type_default stacking_default\"><div class=\"vc_col-sm-12 wpb_column vc_column_container\"><div class=\"vc_column-inner\"><div class=\"wpb_wrapper\">[vc_custom_heading text=&#8221;Slapen op een plek waar je nooit meer weg wil&#8221; font_container=&#8221;tag:h1|text_align:left&#8221; use_theme_fonts=&#8221;yes&#8221;]<div class=\"g-cols wpb_row via_flex valign_top type_default stacking_default\"><div class=\"vc_col-sm-6 wpb_column vc_column_container\"><div class=\"vc_column-inner\"><div class=\"wpb_wrapper\"><div class=\"wpb_text_column us_custom_e6fee446\"><div class=\"wpb_wrapper\"><p><strong>Onze kamers zijn ruim, licht en rustig, zonder al te veel poespas maar met h\u00e9\u00e9l veel liefde en aandacht ingericht. Elke kamer heeft een frisse nieuwe badkamer en-suite en een gezellig priv\u00e9 terrasje. <\/strong><\/p>\n<p>In ons streven om duurzaam te ondernemen, hebben we lang en goed nagedacht over onze bedden en het beddengoed. Lekker slapen is tenslotte niet onbelangrijk in een B&amp;B. Dus hebben we bij P\u00e1tio do Vale heerlijke bedden met zorgvuldig uitgekozen bedlinnen.<\/p>\n<p>Het beddengoed is super zacht en gemaakt van 100% biologisch katoen en gewassen linnen, geproduceerd met de hoogst mogelijke aandacht voor milieu, mens en dier.<\/p>\n<p>Slaap lekker!<\/p>\n<\/div><\/div><\/div><\/div><\/div><div class=\"vc_col-sm-3 wpb_column vc_column_container\"><div class=\"vc_column-inner\"><div class=\"wpb_wrapper\"><div class=\"w-image align_none\"><a title=\"reserveren\" href=\"https:\/\/patiodovale.com\/nl\/reserveren\/\" aria-label=\"illustratie_NL reserveer_website pagina rooms_FINAL 11012023\" class=\"w-image-h\"><img decoding=\"async\" width=\"300\" height=\"300\" src=\"https:\/\/patiodovale.com\/wp-content\/uploads\/2023\/01\/illustratie_NL-reserveer_website-pagina-rooms_FINAL-11012023-300x300.png\" class=\"attachment-medium size-medium\" alt=\"\" loading=\"lazy\" srcset=\"https:\/\/patiodovale.com\/wp-content\/uploads\/2023\/01\/illustratie_NL-reserveer_website-pagina-rooms_FINAL-11012023-300x300.png 300w, https:\/\/patiodovale.com\/wp-content\/uploads\/2023\/01\/illustratie_NL-reserveer_website-pagina-rooms_FINAL-11012023-150x150.png 150w, https:\/\/patiodovale.com\/wp-content\/uploads\/2023\/01\/illustratie_NL-reserveer_website-pagina-rooms_FINAL-11012023-200x200.png 200w, https:\/\/patiodovale.com\/wp-content\/uploads\/2023\/01\/illustratie_NL-reserveer_website-pagina-rooms_FINAL-11012023-400x400.png 400w, https:\/\/patiodovale.com\/wp-content\/uploads\/2023\/01\/illustratie_NL-reserveer_website-pagina-rooms_FINAL-11012023-175x175.png 175w, https:\/\/patiodovale.com\/wp-content\/uploads\/2023\/01\/illustratie_NL-reserveer_website-pagina-rooms_FINAL-11012023.png 1001w\" sizes=\"auto, (max-width: 300px) 100vw, 300px\" \/><\/a><\/div><\/div><\/div><\/div><div class=\"vc_col-sm-3 wpb_column vc_column_container\"><div class=\"vc_column-inner\"><div class=\"wpb_wrapper\"><div class=\"w-popup align_center\"><button class=\"w-popup-trigger type_image\" type=\"button\" aria-label=\"PopUp\"><img decoding=\"async\" width=\"300\" height=\"300\" src=\"https:\/\/patiodovale.com\/wp-content\/uploads\/2023\/01\/illustratie_NL-tarieven_website-pagina-rooms_FINAL-11012023-300x300.png\" class=\"attachment-medium size-medium\" alt=\"\" srcset=\"https:\/\/patiodovale.com\/wp-content\/uploads\/2023\/01\/illustratie_NL-tarieven_website-pagina-rooms_FINAL-11012023-300x300.png 300w, https:\/\/patiodovale.com\/wp-content\/uploads\/2023\/01\/illustratie_NL-tarieven_website-pagina-rooms_FINAL-11012023-150x150.png 150w, https:\/\/patiodovale.com\/wp-content\/uploads\/2023\/01\/illustratie_NL-tarieven_website-pagina-rooms_FINAL-11012023-200x200.png 200w, https:\/\/patiodovale.com\/wp-content\/uploads\/2023\/01\/illustratie_NL-tarieven_website-pagina-rooms_FINAL-11012023-400x400.png 400w, https:\/\/patiodovale.com\/wp-content\/uploads\/2023\/01\/illustratie_NL-tarieven_website-pagina-rooms_FINAL-11012023-175x175.png 175w, https:\/\/patiodovale.com\/wp-content\/uploads\/2023\/01\/illustratie_NL-tarieven_website-pagina-rooms_FINAL-11012023.png 1001w\" sizes=\"(max-width: 300px) 100vw, 300px\" \/><\/button><div class=\"w-popup-overlay\" style=\"background:rgba(0,0,0,0.85);\"><\/div><div class=\"w-popup-wrap layout_default\" role=\"dialog\" aria-modal=\"true\" aria-label=\"PopUp\" style=\"--title-color:var(--color-content-heading);--title-bg-color:var(--color-content-bg-alt);--content-color:var(--color-content-text);--content-bg-color:var(--color-content-bg);--popup-border-radius:5px;--popup-width:90%;--popup-padding:0.1rem;\"><div class=\"w-popup-box animation_scaleDown closerpos_inside without_title\"><div class=\"w-popup-box-h\"><button aria-label=\"Sluiten\" class=\"w-popup-closer\" type=\"button\"><\/button><div class=\"w-popup-box-content\"><section class=\"l-section wpb_row height_medium\"><div class=\"l-section-h i-cf\"><div class=\"g-cols vc_row via_flex valign_top type_default stacking_default\"><div class=\"vc_col-sm-12 wpb_column vc_column_container\"><div class=\"vc_column-inner\"><div class=\"wpb_wrapper\"><div class=\"wpb_text_column\"><div class=\"wpb_wrapper\"><h1>Tarieven Patio do Vale 2026<\/h1>\n<\/div><\/div><div class=\"w-separator size_small\"><\/div><div class=\"g-cols wpb_row via_flex valign_top type_default stacking_default\"><div class=\"vc_col-sm-8 wpb_column vc_column_container\"><div class=\"vc_column-inner\"><div class=\"wpb_wrapper\"><div class=\"wpb_text_column\"><div class=\"wpb_wrapper\"><p>Wij hebben 4 tweepersoons kamers en 1 tweepersoons kamer met daarboven 2 aparte ruime (kinder) kamers. Al onze kamers hebben een badkamer en-suite en heerlijk bad- en linnengoed.<\/p>\n<p>Onze prijzen zijn per kamer, per nacht. Minimaal verblijf van 2 nachten.<br \/>\nKinderen to 4 jaar gratis, kinderen vanaf 5 jaar \u20ac10,- per kind per nacht.<\/p>\n<p>Het is ook mogelijk om alle kamers af te huren voor kleine groepen met een maximale capaciteit 16 personen. Dus ben je ge\u00efnteresseerd om jouw huwelijk, jubileum, retreat, familie\/ vrienden verblijf bij ons te komen? Stuur een mailtje naar info@patiodovale.com en laat ons weten wat je wensen zijn, dan kijken we samen naar de mogelijkheden!<\/p>\n<p>Inclusief handdoeken, bedlinnen, koffie, thee, limonade en gebruik van zwembad en overdekte buitenkeuken, BBQ, Wifi en IVA exclusief ontbijt.<\/p>\n<\/div><\/div><\/div><\/div><\/div><div class=\"vc_col-sm-4 wpb_column vc_column_container\"><div class=\"vc_column-inner\"><div class=\"wpb_wrapper\"><\/div><\/div><\/div><\/div><div class=\"g-cols wpb_row via_flex valign_top type_default stacking_default\"><div class=\"vc_col-sm-12 wpb_column vc_column_container\"><div class=\"vc_column-inner\"><div class=\"wpb_wrapper\"><h2 class=\"red\">De kamers<\/h2><p>Alegria | P\u00e1tio | Cantinho | M\u00fasica | *Saudade | *Boa onda  | *Fofinha <\/p><p> *Deze kamers zijn alleen beschikbaar indien de hele locatie wordt geboekt.<\/p><span><table class=\"prijstabel\">\n  <thead>\n  <tr class=\"naam\">\n  <th><\/th>\n      <th colspan=\"2\">Algeria<\/th>\n\t  <th colspan=\"2\">P\u00e1tio<\/th>\n\t  <th colspan=\"2\">Cantinho<\/th>\n\t  <th colspan=\"2\">M\u00fasica<\/th>\n\t \t \n  <\/tr>\n  <tr class=\"dagen\">\n      <th><\/th>\n\t  <th class=\"dag\">Dag<\/th><th class=\"week\">Week<\/th>\n\t  <th class=\"dag\">Dag<\/th><th class=\"week\">Week<\/th>\n\t  <th class=\"dag\">Dag<\/th><th class=\"week\">Week<\/th>\n\t  <th class=\"dag\">Dag<\/th><th class=\"week\">Week<\/th>\n  <\/tr>\n<\/thead>\n<tbody><\/span><tr class=\"prijs\">\n    <td>Voorjaar<span style=\"display:block\"><sub>apr,mei,jun<\/sub><span><\/td><td><span class=\"euro\">\u20ac <\/span>85,-<\/td><td><span class=\"euro\">\u20ac <\/span>550,-<\/td><td><span class=\"euro\">\u20ac <\/span>85,-<\/td><td><span class=\"euro\">\u20ac <\/span>550,-<\/td><td><span class=\"euro\">\u20ac <\/span>85,-<\/td><td><span class=\"euro\">\u20ac <\/span>550,-<\/td><td><span class=\"euro\">\u20ac <\/span>85,-<\/td><td><span class=\"euro\">\u20ac <\/span>550,-<\/td><\/tr><tr class=\"prijs\">\n    <td>Zomer<span style=\"display:block\"><sub>jul,aug,sep<\/sub><span><\/td><td><span class=\"euro\">\u20ac <\/span>95,-<\/td><td><span class=\"euro\">\u20ac <\/span>650,-<\/td><td><span class=\"euro\">\u20ac <\/span>95,-<\/td><td><span class=\"euro\">\u20ac <\/span>650,-<\/td><td><span class=\"euro\">\u20ac <\/span>95,-<\/td><td><span class=\"euro\">\u20ac <\/span>650,-<\/td><td><span class=\"euro\">\u20ac <\/span>95,-<\/td><td><span class=\"euro\">\u20ac <\/span>650,-<\/td><\/tr><tr class=\"prijs\">\n    <td>Najaar<span style=\"display:block\"><sub>okt<\/sub><span><\/td><td><span class=\"euro\">\u20ac <\/span>85,-<\/td><td><span class=\"euro\">\u20ac <\/span>550,-<\/td><td><span class=\"euro\">\u20ac <\/span>85,-<\/td><td><span class=\"euro\">\u20ac <\/span>550,-<\/td><td><span class=\"euro\">\u20ac <\/span>85,-<\/td><td><span class=\"euro\">\u20ac <\/span>550,-<\/td><td><span class=\"euro\">\u20ac <\/span>85,-<\/td><td><span class=\"euro\">\u20ac <\/span>550,-<\/td><\/tr><tr class=\"prijs\">\n    <td>Winter<span style=\"display:block\"><sub>nov,dec,jan,feb,mrt<\/sub><span><\/td><td><span class=\"euro\">\u20ac <\/span>55,-<\/td><td><span class=\"euro\">\u20ac <\/span>375,-<\/td><td><span class=\"euro\">\u20ac <\/span>55,-<\/td><td><span class=\"euro\">\u20ac <\/span>365,-<\/td><td><span class=\"euro\">\u20ac <\/span>55,-<\/td><td><span class=\"euro\">\u20ac <\/span>365,-<\/td><td><span class=\"euro\">\u20ac <\/span>55,-<\/td><td><span class=\"euro\">\u20ac <\/span>365,-<\/td><\/tr><tr class=\"ontbijt\"><td>Kakelverse ontbijtjes<\/td><td colspan=\"2\">Volwassen : <span class=\"euro\">\u20ac <\/span>10,-<\/td><td colspan=\"2\">Kinderen  (6-10 Jaren) : <span class=\"euro\">\u20ac <\/span>5,-<\/td><td colspan=\"4\"><\/td><\/tr><\/tbody><\/table>\n<p class=\"opm\">*alleen in combi met kamer Saudade<p><\/div><\/div><\/div><\/div><\/div><\/div><\/div><\/div><\/div><\/section>\n<\/div><\/div><\/div><\/div><\/div><\/div><\/div><\/div><\/div><div class=\"g-cols wpb_row via_flex valign_top type_default stacking_default\"><div class=\"vc_col-sm-12 wpb_column vc_column_container\"><div class=\"vc_column-inner\"><div class=\"wpb_wrapper\"><div class=\"w-separator size_small\"><\/div>[vc_custom_heading text=&#8221;impressie&#8221; use_theme_fonts=&#8221;yes&#8221;]<\/div><\/div><\/div><\/div><\/div><\/div><\/div><\/div><\/div><\/section>\n","protected":false},"excerpt":{"rendered":"[vc_custom_heading text=\"Slapen op een plek waar je nooit meer weg wil\" font_container=\"tag:h1|text_align:left\" use_theme_fonts=\"yes\"]Onze kamers zijn ruim, licht en rustig, zonder al te veel poespas maar met h\u00e9\u00e9l veel liefde en aandacht ingericht. Elke kamer heeft een frisse nieuwe badkamer en-suite en een gezellig priv\u00e9 terrasje. In ons streven om duurzaam te ondernemen, hebben we lang...","protected":false},"author":3,"featured_media":0,"parent":0,"menu_order":0,"comment_status":"closed","ping_status":"closed","template":"","meta":{"_acf_changed":false,"footnotes":""},"class_list":["post-3524","page","type-page","status-publish","hentry"],"acf":[],"yoast_head":"<!-- This site is optimized with the Yoast SEO plugin v27.4 - https:\/\/yoast.com\/product\/yoast-seo-wordpress\/ -->\n<title>kamers | P\u00e1tio do Vale<\/title>\n<meta name=\"robots\" content=\"index, follow, max-snippet:-1, max-image-preview:large, max-video-preview:-1\" \/>\n<link rel=\"canonical\" href=\"https:\/\/patiodovale.com\/nl\/kamers\/\" \/>\n<meta property=\"og:locale\" content=\"nl_NL\" \/>\n<meta property=\"og:type\" content=\"article\" \/>\n<meta property=\"og:title\" content=\"kamers | P\u00e1tio do Vale\" \/>\n<meta property=\"og:url\" content=\"https:\/\/patiodovale.com\/nl\/kamers\/\" \/>\n<meta property=\"og:site_name\" content=\"P\u00e1tio do Vale\" \/>\n<meta property=\"article:modified_time\" content=\"2025-01-20T11:21:29+00:00\" \/>\n<meta name=\"twitter:card\" content=\"summary_large_image\" \/>\n<meta name=\"twitter:label1\" content=\"Geschatte leestijd\" \/>\n\t<meta name=\"twitter:data1\" content=\"1 minuut\" \/>\n<script type=\"application\/ld+json\" class=\"yoast-schema-graph\">{\"@context\":\"https:\\\/\\\/schema.org\",\"@graph\":[{\"@type\":\"WebPage\",\"@id\":\"https:\\\/\\\/patiodovale.com\\\/nl\\\/kamers\\\/\",\"url\":\"https:\\\/\\\/patiodovale.com\\\/nl\\\/kamers\\\/\",\"name\":\"kamers | P\u00e1tio do Vale\",\"isPartOf\":{\"@id\":\"https:\\\/\\\/patiodovale.com\\\/nl\\\/#website\"},\"datePublished\":\"2022-08-24T09:17:00+00:00\",\"dateModified\":\"2025-01-20T11:21:29+00:00\",\"breadcrumb\":{\"@id\":\"https:\\\/\\\/patiodovale.com\\\/nl\\\/kamers\\\/#breadcrumb\"},\"inLanguage\":\"nl-NL\",\"potentialAction\":[{\"@type\":\"ReadAction\",\"target\":[\"https:\\\/\\\/patiodovale.com\\\/nl\\\/kamers\\\/\"]}]},{\"@type\":\"BreadcrumbList\",\"@id\":\"https:\\\/\\\/patiodovale.com\\\/nl\\\/kamers\\\/#breadcrumb\",\"itemListElement\":[{\"@type\":\"ListItem\",\"position\":1,\"name\":\"Home\",\"item\":\"https:\\\/\\\/patiodovale.com\\\/nl\\\/\"},{\"@type\":\"ListItem\",\"position\":2,\"name\":\"kamers\"}]},{\"@type\":\"WebSite\",\"@id\":\"https:\\\/\\\/patiodovale.com\\\/nl\\\/#website\",\"url\":\"https:\\\/\\\/patiodovale.com\\\/nl\\\/\",\"name\":\"P\u00e1tio do Vale\",\"description\":\"A wonderful B&amp;B on the Portuguese Silver Coast\",\"publisher\":{\"@id\":\"https:\\\/\\\/patiodovale.com\\\/nl\\\/#organization\"},\"potentialAction\":[{\"@type\":\"SearchAction\",\"target\":{\"@type\":\"EntryPoint\",\"urlTemplate\":\"https:\\\/\\\/patiodovale.com\\\/nl\\\/?s={search_term_string}\"},\"query-input\":{\"@type\":\"PropertyValueSpecification\",\"valueRequired\":true,\"valueName\":\"search_term_string\"}}],\"inLanguage\":\"nl-NL\"},{\"@type\":\"Organization\",\"@id\":\"https:\\\/\\\/patiodovale.com\\\/nl\\\/#organization\",\"name\":\"P\u00e1tio do Vale\",\"url\":\"https:\\\/\\\/patiodovale.com\\\/nl\\\/\",\"logo\":{\"@type\":\"ImageObject\",\"inLanguage\":\"nl-NL\",\"@id\":\"https:\\\/\\\/patiodovale.com\\\/nl\\\/#\\\/schema\\\/logo\\\/image\\\/\",\"url\":\"https:\\\/\\\/patiodovale.com\\\/wp-content\\\/uploads\\\/2022\\\/08\\\/logo-patio-do-vale-op-witte-basis-voor-header_400x440px_final.jpg\",\"contentUrl\":\"https:\\\/\\\/patiodovale.com\\\/wp-content\\\/uploads\\\/2022\\\/08\\\/logo-patio-do-vale-op-witte-basis-voor-header_400x440px_final.jpg\",\"width\":1668,\"height\":1835,\"caption\":\"P\u00e1tio do Vale\"},\"image\":{\"@id\":\"https:\\\/\\\/patiodovale.com\\\/nl\\\/#\\\/schema\\\/logo\\\/image\\\/\"}}]}<\/script>\n<!-- \/ Yoast SEO plugin. -->","yoast_head_json":{"title":"kamers | P\u00e1tio do Vale","robots":{"index":"index","follow":"follow","max-snippet":"max-snippet:-1","max-image-preview":"max-image-preview:large","max-video-preview":"max-video-preview:-1"},"canonical":"https:\/\/patiodovale.com\/nl\/kamers\/","og_locale":"nl_NL","og_type":"article","og_title":"kamers | P\u00e1tio do Vale","og_url":"https:\/\/patiodovale.com\/nl\/kamers\/","og_site_name":"P\u00e1tio do Vale","article_modified_time":"2025-01-20T11:21:29+00:00","twitter_card":"summary_large_image","twitter_misc":{"Geschatte leestijd":"1 minuut"},"schema":{"@context":"https:\/\/schema.org","@graph":[{"@type":"WebPage","@id":"https:\/\/patiodovale.com\/nl\/kamers\/","url":"https:\/\/patiodovale.com\/nl\/kamers\/","name":"kamers | P\u00e1tio do Vale","isPartOf":{"@id":"https:\/\/patiodovale.com\/nl\/#website"},"datePublished":"2022-08-24T09:17:00+00:00","dateModified":"2025-01-20T11:21:29+00:00","breadcrumb":{"@id":"https:\/\/patiodovale.com\/nl\/kamers\/#breadcrumb"},"inLanguage":"nl-NL","potentialAction":[{"@type":"ReadAction","target":["https:\/\/patiodovale.com\/nl\/kamers\/"]}]},{"@type":"BreadcrumbList","@id":"https:\/\/patiodovale.com\/nl\/kamers\/#breadcrumb","itemListElement":[{"@type":"ListItem","position":1,"name":"Home","item":"https:\/\/patiodovale.com\/nl\/"},{"@type":"ListItem","position":2,"name":"kamers"}]},{"@type":"WebSite","@id":"https:\/\/patiodovale.com\/nl\/#website","url":"https:\/\/patiodovale.com\/nl\/","name":"P\u00e1tio do Vale","description":"A wonderful B&amp;B on the Portuguese Silver Coast","publisher":{"@id":"https:\/\/patiodovale.com\/nl\/#organization"},"potentialAction":[{"@type":"SearchAction","target":{"@type":"EntryPoint","urlTemplate":"https:\/\/patiodovale.com\/nl\/?s={search_term_string}"},"query-input":{"@type":"PropertyValueSpecification","valueRequired":true,"valueName":"search_term_string"}}],"inLanguage":"nl-NL"},{"@type":"Organization","@id":"https:\/\/patiodovale.com\/nl\/#organization","name":"P\u00e1tio do Vale","url":"https:\/\/patiodovale.com\/nl\/","logo":{"@type":"ImageObject","inLanguage":"nl-NL","@id":"https:\/\/patiodovale.com\/nl\/#\/schema\/logo\/image\/","url":"https:\/\/patiodovale.com\/wp-content\/uploads\/2022\/08\/logo-patio-do-vale-op-witte-basis-voor-header_400x440px_final.jpg","contentUrl":"https:\/\/patiodovale.com\/wp-content\/uploads\/2022\/08\/logo-patio-do-vale-op-witte-basis-voor-header_400x440px_final.jpg","width":1668,"height":1835,"caption":"P\u00e1tio do Vale"},"image":{"@id":"https:\/\/patiodovale.com\/nl\/#\/schema\/logo\/image\/"}}]}},"_links":{"self":[{"href":"https:\/\/patiodovale.com\/nl\/wp-json\/wp\/v2\/pages\/3524","targetHints":{"allow":["GET"]}}],"collection":[{"href":"https:\/\/patiodovale.com\/nl\/wp-json\/wp\/v2\/pages"}],"about":[{"href":"https:\/\/patiodovale.com\/nl\/wp-json\/wp\/v2\/types\/page"}],"author":[{"embeddable":true,"href":"https:\/\/patiodovale.com\/nl\/wp-json\/wp\/v2\/users\/3"}],"replies":[{"embeddable":true,"href":"https:\/\/patiodovale.com\/nl\/wp-json\/wp\/v2\/comments?post=3524"}],"version-history":[{"count":0,"href":"https:\/\/patiodovale.com\/nl\/wp-json\/wp\/v2\/pages\/3524\/revisions"}],"wp:attachment":[{"href":"https:\/\/patiodovale.com\/nl\/wp-json\/wp\/v2\/media?parent=3524"}],"curies":[{"name":"wp","href":"https:\/\/api.w.org\/{rel}","templated":true}]}}