{"id":4482,"date":"2023-01-12T18:07:03","date_gmt":"2023-01-12T18:07:03","guid":{"rendered":"https:\/\/patiodovale.com\/?page_id=4482"},"modified":"2025-02-23T15:55:33","modified_gmt":"2025-02-23T15:55:33","slug":"tarifs","status":"publish","type":"page","link":"https:\/\/patiodovale.com\/fr\/tarifs\/","title":{"rendered":"tarifs"},"content":{"rendered":"<section class=\"l-section wpb_row height_medium\"><div class=\"l-section-h i-cf\"><div class=\"g-cols vc_row via_flex valign_top type_default stacking_default\"><div class=\"vc_col-sm-12 wpb_column vc_column_container\"><div class=\"vc_column-inner\"><div class=\"wpb_wrapper\"><div class=\"wpb_text_column\"><div class=\"wpb_wrapper\"><h1>Tarifs Patio do Vale 2026<\/h1>\n<\/div><\/div><div class=\"w-separator size_small\"><\/div><div class=\"g-cols wpb_row via_flex valign_top type_default stacking_default\"><div class=\"vc_col-sm-8 wpb_column vc_column_container\"><div class=\"vc_column-inner\"><div class=\"wpb_wrapper\"><div class=\"wpb_text_column\"><div class=\"wpb_wrapper\"><p>Nous avons de 4 chambres doubles en 1 chambre double avec 2 chambres s\u00e9par\u00e9es spacieuses (pour un groupe ou pour les enfants). Toutes nos chambres ont une salle de bain attenante, des serviettes douces et literie.<\/p>\n<p>Nos tarifs s\u2019entendent par chambre\/par nuit. S\u00e9jour minimum de 2 nuits.<br \/>\nEnfants jusqu\u2019\u00e0 4 ans gratuit, \u00e0 partir de 5 ans il y a un suppl\u00e9ment de \u20ac 10,- par enfant et par nuit.<\/p>\n<p>Il est \u00e9galement possible de louer toutes les salles pour des petits groupes d&rsquo;une capacit\u00e9 maximale de 16 personnes. Alors, \u00eates-vous int\u00e9ress\u00e9 \u00e0 venir dans notre lieu pour votre mariage, anniversaire, retraite, s\u00e9jour en famille\/entre amis ? Envoyez un email \u00e0 info@patiodovale.com et faites-nous part de vos souhaits, et nous \u00e9tudierons ensemble les possibilit\u00e9s<\/p>\n<p>Y compris serviettes, literie, caf\u00e9, th\u00e9, limonade et utilisation de la piscine et de la cuisine ext\u00e9rieure couverte, barbecue, Wifi et TVA, hors le petit-d\u00e9jeuner<\/p>\n<\/div><\/div><\/div><\/div><\/div><div class=\"vc_col-sm-4 wpb_column vc_column_container\"><div class=\"vc_column-inner\"><div class=\"wpb_wrapper\"><\/div><\/div><\/div><\/div><div class=\"g-cols wpb_row via_flex valign_top type_default stacking_default\"><div class=\"vc_col-sm-12 wpb_column vc_column_container\"><div class=\"vc_column-inner\"><div class=\"wpb_wrapper\"><h2 class=\"red\">Les chambres<\/h2><p>Alegria | P\u00e1tio | Cantinho | M\u00fasica | *Saudade | *Boa onda  | *Fofinha <\/p><p> *Ces chambres ne sont disponibles que si l'ensemble des locaux est r\u00e9serv\u00e9.<\/p><span><table class=\"prijstabel\">\n  <thead>\n  <tr class=\"naam\">\n  <th><\/th>\n      <th colspan=\"2\">Algeria<\/th>\n\t  <th colspan=\"2\">P\u00e1tio<\/th>\n\t  <th colspan=\"2\">Cantinho<\/th>\n\t  <th colspan=\"2\">M\u00fasica<\/th>\n\t \t \n  <\/tr>\n  <tr class=\"dagen\">\n      <th><\/th>\n\t  <th class=\"dag\">Jour<\/th><th class=\"week\">Semaine<\/th>\n\t  <th class=\"dag\">Jour<\/th><th class=\"week\">Semaine<\/th>\n\t  <th class=\"dag\">Jour<\/th><th class=\"week\">Semaine<\/th>\n\t  <th class=\"dag\">Jour<\/th><th class=\"week\">Semaine<\/th>\n  <\/tr>\n<\/thead>\n<tbody><\/span><tr class=\"prijs\">\n    <td>Printemps<span style=\"display:block\"><sub>Avr,Mai,Juin<\/sub><span><\/td><td><span class=\"euro\">\u20ac <\/span>85,-<\/td><td><span class=\"euro\">\u20ac <\/span>550,-<\/td><td><span class=\"euro\">\u20ac <\/span>85,-<\/td><td><span class=\"euro\">\u20ac <\/span>550,-<\/td><td><span class=\"euro\">\u20ac <\/span>85,-<\/td><td><span class=\"euro\">\u20ac <\/span>550,-<\/td><td><span class=\"euro\">\u20ac <\/span>85,-<\/td><td><span class=\"euro\">\u20ac <\/span>550,-<\/td><\/tr><tr class=\"prijs\">\n    <td>L'\u00e9t\u00e9<span style=\"display:block\"><sub>Juil,Ao\u00fbt,Sep<\/sub><span><\/td><td><span class=\"euro\">\u20ac <\/span>95,-<\/td><td><span class=\"euro\">\u20ac <\/span>650,-<\/td><td><span class=\"euro\">\u20ac <\/span>95,-<\/td><td><span class=\"euro\">\u20ac <\/span>650,-<\/td><td><span class=\"euro\">\u20ac <\/span>95,-<\/td><td><span class=\"euro\">\u20ac <\/span>650,-<\/td><td><span class=\"euro\">\u20ac <\/span>95,-<\/td><td><span class=\"euro\">\u20ac <\/span>650,-<\/td><\/tr><tr class=\"prijs\">\n    <td>L'automne<span style=\"display:block\"><sub>Oct<\/sub><span><\/td><td><span class=\"euro\">\u20ac <\/span>85,-<\/td><td><span class=\"euro\">\u20ac <\/span>550,-<\/td><td><span class=\"euro\">\u20ac <\/span>85,-<\/td><td><span class=\"euro\">\u20ac <\/span>550,-<\/td><td><span class=\"euro\">\u20ac <\/span>85,-<\/td><td><span class=\"euro\">\u20ac <\/span>550,-<\/td><td><span class=\"euro\">\u20ac <\/span>85,-<\/td><td><span class=\"euro\">\u20ac <\/span>550,-<\/td><\/tr><tr class=\"prijs\">\n    <td>Hiver<span style=\"display:block\"><sub>Nov,D\u00e9c,Jan,F\u00e9v,Mar<\/sub><span><\/td><td><span class=\"euro\">\u20ac <\/span>55,-<\/td><td><span class=\"euro\">\u20ac <\/span>375,-<\/td><td><span class=\"euro\">\u20ac <\/span>55,-<\/td><td><span class=\"euro\">\u20ac <\/span>365,-<\/td><td><span class=\"euro\">\u20ac <\/span>55,-<\/td><td><span class=\"euro\">\u20ac <\/span>365,-<\/td><td><span class=\"euro\">\u20ac <\/span>55,-<\/td><td><span class=\"euro\">\u20ac <\/span>365,-<\/td><\/tr><tr class=\"ontbijt\"><td>Petit d\u00e9jeuner super d\u00e9licieux<\/td><td colspan=\"2\">Adultes : <span class=\"euro\">\u20ac <\/span>10,-<\/td><td colspan=\"2\">Enfants  (6-10 Ans) : <span class=\"euro\">\u20ac <\/span>5,-<\/td><td colspan=\"4\"><\/td><\/tr><\/tbody><\/table>\n<p class=\"opm\">*uniquement disponible en combinaison avec la chambre saudade<p><\/div><\/div><\/div><\/div><\/div><\/div><\/div><\/div><\/div><\/section>\n","protected":false},"excerpt":{"rendered":"Tarifs Patio do Vale 2026 Nous avons de 4 chambres doubles en 1 chambre double avec 2 chambres s\u00e9par\u00e9es spacieuses (pour un groupe ou pour les enfants). Toutes nos chambres ont une salle de bain attenante, des serviettes douces et literie. Nos tarifs s\u2019entendent par chambre\/par nuit. S\u00e9jour minimum de 2 nuits. Enfants jusqu\u2019\u00e0 4...","protected":false},"author":3,"featured_media":0,"parent":0,"menu_order":0,"comment_status":"closed","ping_status":"closed","template":"","meta":{"_acf_changed":false,"footnotes":""},"class_list":["post-4482","page","type-page","status-publish","hentry"],"acf":[],"yoast_head":"<!-- This site is optimized with the Yoast SEO plugin v27.5 - https:\/\/yoast.com\/product\/yoast-seo-wordpress\/ -->\n<title>tarifs | P\u00e1tio do Vale<\/title>\n<meta name=\"robots\" content=\"index, follow, max-snippet:-1, max-image-preview:large, max-video-preview:-1\" \/>\n<link rel=\"canonical\" href=\"https:\/\/patiodovale.com\/fr\/tarifs\/\" \/>\n<meta property=\"og:locale\" content=\"fr_FR\" \/>\n<meta property=\"og:type\" content=\"article\" \/>\n<meta property=\"og:title\" content=\"tarifs | P\u00e1tio do Vale\" \/>\n<meta property=\"og:url\" content=\"https:\/\/patiodovale.com\/fr\/tarifs\/\" \/>\n<meta property=\"og:site_name\" content=\"P\u00e1tio do Vale\" \/>\n<meta property=\"article:modified_time\" content=\"2025-02-23T15:55:33+00:00\" \/>\n<meta name=\"twitter:card\" content=\"summary_large_image\" \/>\n<meta name=\"twitter:label1\" content=\"Dur\u00e9e de lecture estim\u00e9e\" \/>\n\t<meta name=\"twitter:data1\" content=\"1 minute\" \/>\n<script type=\"application\/ld+json\" class=\"yoast-schema-graph\">{\"@context\":\"https:\\\/\\\/schema.org\",\"@graph\":[{\"@type\":\"WebPage\",\"@id\":\"https:\\\/\\\/patiodovale.com\\\/fr\\\/tarifs\\\/\",\"url\":\"https:\\\/\\\/patiodovale.com\\\/fr\\\/tarifs\\\/\",\"name\":\"tarifs | P\u00e1tio do Vale\",\"isPartOf\":{\"@id\":\"https:\\\/\\\/patiodovale.com\\\/fr\\\/#website\"},\"datePublished\":\"2023-01-12T18:07:03+00:00\",\"dateModified\":\"2025-02-23T15:55:33+00:00\",\"breadcrumb\":{\"@id\":\"https:\\\/\\\/patiodovale.com\\\/fr\\\/tarifs\\\/#breadcrumb\"},\"inLanguage\":\"fr-FR\",\"potentialAction\":[{\"@type\":\"ReadAction\",\"target\":[\"https:\\\/\\\/patiodovale.com\\\/fr\\\/tarifs\\\/\"]}]},{\"@type\":\"BreadcrumbList\",\"@id\":\"https:\\\/\\\/patiodovale.com\\\/fr\\\/tarifs\\\/#breadcrumb\",\"itemListElement\":[{\"@type\":\"ListItem\",\"position\":1,\"name\":\"Home\",\"item\":\"https:\\\/\\\/patiodovale.com\\\/fr\\\/\"},{\"@type\":\"ListItem\",\"position\":2,\"name\":\"tarifs\"}]},{\"@type\":\"WebSite\",\"@id\":\"https:\\\/\\\/patiodovale.com\\\/fr\\\/#website\",\"url\":\"https:\\\/\\\/patiodovale.com\\\/fr\\\/\",\"name\":\"P\u00e1tio do Vale\",\"description\":\"A wonderful B&amp;B on the Portuguese Silver Coast\",\"publisher\":{\"@id\":\"https:\\\/\\\/patiodovale.com\\\/fr\\\/#organization\"},\"potentialAction\":[{\"@type\":\"SearchAction\",\"target\":{\"@type\":\"EntryPoint\",\"urlTemplate\":\"https:\\\/\\\/patiodovale.com\\\/fr\\\/?s={search_term_string}\"},\"query-input\":{\"@type\":\"PropertyValueSpecification\",\"valueRequired\":true,\"valueName\":\"search_term_string\"}}],\"inLanguage\":\"fr-FR\"},{\"@type\":\"Organization\",\"@id\":\"https:\\\/\\\/patiodovale.com\\\/fr\\\/#organization\",\"name\":\"P\u00e1tio do Vale\",\"url\":\"https:\\\/\\\/patiodovale.com\\\/fr\\\/\",\"logo\":{\"@type\":\"ImageObject\",\"inLanguage\":\"fr-FR\",\"@id\":\"https:\\\/\\\/patiodovale.com\\\/fr\\\/#\\\/schema\\\/logo\\\/image\\\/\",\"url\":\"https:\\\/\\\/patiodovale.com\\\/wp-content\\\/uploads\\\/2022\\\/08\\\/logo-patio-do-vale-op-witte-basis-voor-header_400x440px_final.jpg\",\"contentUrl\":\"https:\\\/\\\/patiodovale.com\\\/wp-content\\\/uploads\\\/2022\\\/08\\\/logo-patio-do-vale-op-witte-basis-voor-header_400x440px_final.jpg\",\"width\":1668,\"height\":1835,\"caption\":\"P\u00e1tio do Vale\"},\"image\":{\"@id\":\"https:\\\/\\\/patiodovale.com\\\/fr\\\/#\\\/schema\\\/logo\\\/image\\\/\"}}]}<\/script>\n<!-- \/ Yoast SEO plugin. -->","yoast_head_json":{"title":"tarifs | P\u00e1tio do Vale","robots":{"index":"index","follow":"follow","max-snippet":"max-snippet:-1","max-image-preview":"max-image-preview:large","max-video-preview":"max-video-preview:-1"},"canonical":"https:\/\/patiodovale.com\/fr\/tarifs\/","og_locale":"fr_FR","og_type":"article","og_title":"tarifs | P\u00e1tio do Vale","og_url":"https:\/\/patiodovale.com\/fr\/tarifs\/","og_site_name":"P\u00e1tio do Vale","article_modified_time":"2025-02-23T15:55:33+00:00","twitter_card":"summary_large_image","twitter_misc":{"Dur\u00e9e de lecture estim\u00e9e":"1 minute"},"schema":{"@context":"https:\/\/schema.org","@graph":[{"@type":"WebPage","@id":"https:\/\/patiodovale.com\/fr\/tarifs\/","url":"https:\/\/patiodovale.com\/fr\/tarifs\/","name":"tarifs | P\u00e1tio do Vale","isPartOf":{"@id":"https:\/\/patiodovale.com\/fr\/#website"},"datePublished":"2023-01-12T18:07:03+00:00","dateModified":"2025-02-23T15:55:33+00:00","breadcrumb":{"@id":"https:\/\/patiodovale.com\/fr\/tarifs\/#breadcrumb"},"inLanguage":"fr-FR","potentialAction":[{"@type":"ReadAction","target":["https:\/\/patiodovale.com\/fr\/tarifs\/"]}]},{"@type":"BreadcrumbList","@id":"https:\/\/patiodovale.com\/fr\/tarifs\/#breadcrumb","itemListElement":[{"@type":"ListItem","position":1,"name":"Home","item":"https:\/\/patiodovale.com\/fr\/"},{"@type":"ListItem","position":2,"name":"tarifs"}]},{"@type":"WebSite","@id":"https:\/\/patiodovale.com\/fr\/#website","url":"https:\/\/patiodovale.com\/fr\/","name":"P\u00e1tio do Vale","description":"A wonderful B&amp;B on the Portuguese Silver Coast","publisher":{"@id":"https:\/\/patiodovale.com\/fr\/#organization"},"potentialAction":[{"@type":"SearchAction","target":{"@type":"EntryPoint","urlTemplate":"https:\/\/patiodovale.com\/fr\/?s={search_term_string}"},"query-input":{"@type":"PropertyValueSpecification","valueRequired":true,"valueName":"search_term_string"}}],"inLanguage":"fr-FR"},{"@type":"Organization","@id":"https:\/\/patiodovale.com\/fr\/#organization","name":"P\u00e1tio do Vale","url":"https:\/\/patiodovale.com\/fr\/","logo":{"@type":"ImageObject","inLanguage":"fr-FR","@id":"https:\/\/patiodovale.com\/fr\/#\/schema\/logo\/image\/","url":"https:\/\/patiodovale.com\/wp-content\/uploads\/2022\/08\/logo-patio-do-vale-op-witte-basis-voor-header_400x440px_final.jpg","contentUrl":"https:\/\/patiodovale.com\/wp-content\/uploads\/2022\/08\/logo-patio-do-vale-op-witte-basis-voor-header_400x440px_final.jpg","width":1668,"height":1835,"caption":"P\u00e1tio do Vale"},"image":{"@id":"https:\/\/patiodovale.com\/fr\/#\/schema\/logo\/image\/"}}]}},"_links":{"self":[{"href":"https:\/\/patiodovale.com\/fr\/wp-json\/wp\/v2\/pages\/4482","targetHints":{"allow":["GET"]}}],"collection":[{"href":"https:\/\/patiodovale.com\/fr\/wp-json\/wp\/v2\/pages"}],"about":[{"href":"https:\/\/patiodovale.com\/fr\/wp-json\/wp\/v2\/types\/page"}],"author":[{"embeddable":true,"href":"https:\/\/patiodovale.com\/fr\/wp-json\/wp\/v2\/users\/3"}],"replies":[{"embeddable":true,"href":"https:\/\/patiodovale.com\/fr\/wp-json\/wp\/v2\/comments?post=4482"}],"version-history":[{"count":0,"href":"https:\/\/patiodovale.com\/fr\/wp-json\/wp\/v2\/pages\/4482\/revisions"}],"wp:attachment":[{"href":"https:\/\/patiodovale.com\/fr\/wp-json\/wp\/v2\/media?parent=4482"}],"curies":[{"name":"wp","href":"https:\/\/api.w.org\/{rel}","templated":true}]}}